{"id":666,"date":"2023-09-01T11:53:42","date_gmt":"2023-09-01T11:53:42","guid":{"rendered":"http:\/\/pubweb.carnet.hr\/zkz\/?page_id=666"},"modified":"2023-09-15T07:45:07","modified_gmt":"2023-09-15T07:45:07","slug":"svjetska-skupstina-zkz-amiens-2023","status":"publish","type":"page","link":"https:\/\/zkz.hr\/?page_id=666","title":{"rendered":"Svjetska skup\u0161tina ZK\u017d, Amiens 2023"},"content":{"rendered":"<div style=\"width: 1034px\" class=\"wp-caption aligncenter\"><a href=\"https:\/\/cvx-clc-amiens2023.org\/en\/amiens-2023\/assemblee-en-images\/\"><img loading=\"lazy\" decoding=\"async\" src=\"https:\/\/i.ibb.co\/C03H53F\/All.jpg\" alt=\"\" width=\"1024\" height=\"374\" \/><\/a><p class=\"wp-caption-text\">Slu\u017ebena fotografija sudionika svjetske skup\u0161tine ZK\u017d-a, Amiens 2023<\/p><\/div>\n<p>Od 02.08.2023 do 11.08.2023 odr\u017eana je osamnaesta svjetska skup\u0161tina ZK\u017d-a, u gradu Amiensu, 150 km sjevernije od Pariza u Francuskoj, u velikom isusova\u010dkom \u0161kolskom centru &#8220;Providence&#8221; pod <strong>motom<\/strong> &#8220;<em>Razlu\u010diti putove nade<\/em>&#8220;.<\/p>\n<p><a href=\"https:\/\/cvx-clc-amiens2023.org\/en\/amiens-2023\/the-theme\/\"><strong>Milost za koju smo molili<\/strong><\/a> (ali jo\u0161 uvijek molimo u narednih 5 godina, do sljede\u0107e svjetske skup\u0161tine): &#8220;<em>Gospodine, pomozi nam da idemo naprijed, i poka\u017ei nam put<\/em>&#8220;.<\/p>\n<p><strong>Misao vodilja iz Evan\u0111elja<\/strong>: &#8220;<em>I bit \u0107ete mi svjedoci sve do na kraj zemlje<\/em>&#8220;. (Dj 1, 8)<\/p>\n<p>Izabrani <a href=\"https:\/\/cvx-clc-amiens2023.org\/en\/amiens-2023\/the-theme\/\"><strong>LOGO<\/strong><\/a> svjetske skup\u0161tine inspiriran je prispodobom o dvoje u\u010denika na putu u Emaus koji su izgubili svaku nadu, no njima se pridru\u017euje Isus i vodi ih putem do na kraj zemlje! Nada u ovom evan\u0111eoskom tekstu obe\u0107ava i vi\u0161e od sretne budu\u0107nosti: navje\u0161ta Kraljevstvo Bo\u017eje koje je ve\u0107 ovdje prisutno oko nas samih. Na nama je samo otkriti Boga u svim stvarima!<\/p>\n<div id=\"attachment_675\" style=\"width: 579px\" class=\"wp-caption aligncenter\"><a href=\"https:\/\/cvx-clc-amiens2023.org\/en\/amiens-2023\/the-theme\/\"><img loading=\"lazy\" decoding=\"async\" aria-describedby=\"caption-attachment-675\" class=\"wp-image-675\" src=\"http:\/\/pubweb.carnet.hr\/zkz\/wp-content\/uploads\/sites\/130\/2023\/09\/logo_amiens_2023_en_v2_786x400-300x153.jpg\" alt=\"\" width=\"569\" height=\"290\" srcset=\"https:\/\/zkz.hr\/wp-content\/uploads\/sites\/130\/2023\/09\/logo_amiens_2023_en_v2_786x400-300x153.jpg 300w, https:\/\/zkz.hr\/wp-content\/uploads\/sites\/130\/2023\/09\/logo_amiens_2023_en_v2_786x400-768x391.jpg 768w, https:\/\/zkz.hr\/wp-content\/uploads\/sites\/130\/2023\/09\/logo_amiens_2023_en_v2_786x400.jpg 786w\" sizes=\"auto, (max-width: 569px) 100vw, 569px\" \/><\/a><p id=\"caption-attachment-675\" class=\"wp-caption-text\">Logo 18. Svjetske skup\u0161tine ZK\u017d-a, Amiens, Francuska 2023<\/p><\/div>\n<p>Univerzalnost katoli\u010dke crkve o\u010ditovala se u broju nacionalnih zajednica: od 86 prijavljenih zajednica, bilo je prisutno 76 nacionalnih delegacija sa 5 kontinenata, 209 delegata (delegati nekoliko dr\u017eava na\u017ealost nisu dobili vize, unato\u010d jamstvima Francuske biskupske konferencije).<\/p>\n<p>Hrvatsku su predstavljali Damijan Srdo\u010d, predsjednik ZK\u017d-a, i Zorica Srdo\u010d (delegat). Na put dug 1400km krenuli smo autom, a poveli smo i predstavnike Slovenije te podijelili tro\u0161kove puta: Brane Petek, predsjednik slovenske ZK\u017d i p. David Bresciani DI, crkveni asistent. Primjerom smo pokazali kako se me\u0111usobno bliske zajednice povezuju konkretnim djelima bratske ljubavi! Na\u0161e zajedni\u0161tvo urodilo je novim konkretnim idejama me\u0111usobne suradnje Hrvatske i Slovenije (npr. poziv na zajedni\u010dka hodo\u010da\u0161\u0107a i susrete&#8230;.)<\/p>\n<div style=\"width: 600px\" class=\"wp-caption aligncenter\"><a href=\"https:\/\/drive.google.com\/drive\/folders\/1uYZP633oRp7hVXAHCShWfVxFmnMGGVqP?usp=drive_link\"><img loading=\"lazy\" decoding=\"async\" src=\"https:\/\/drive.google.com\/uc?export=view&amp;id=1iuHI-kUn5iLgQoru4022is9QL9X1fcim\" alt=\"\" width=\"590\" height=\"443\" \/><\/a><p class=\"wp-caption-text\">Hrvatska i Slovenska delegacija stigla u Amiens<\/p><\/div>\n<div id=\"attachment_667\" style=\"width: 602px\" class=\"wp-caption aligncenter\"><a href=\"http:\/\/pubweb.carnet.hr\/zkz\/wp-content\/uploads\/sites\/130\/2023\/09\/p.-Arturo-Sossa-i-HR-delegacija-smanjena-za-WEB.jpg\"><img loading=\"lazy\" decoding=\"async\" aria-describedby=\"caption-attachment-667\" class=\"wp-image-667\" title=\"Hrvatski predstavnici s p. Arturom Sossa, generalom DI\" src=\"http:\/\/pubweb.carnet.hr\/zkz\/wp-content\/uploads\/sites\/130\/2023\/09\/p.-Arturo-Sossa-i-HR-delegacija-smanjena-za-WEB-1024x768.jpg\" alt=\"p. Arturo Sossa, general DI\" width=\"592\" height=\"444\" srcset=\"https:\/\/zkz.hr\/wp-content\/uploads\/sites\/130\/2023\/09\/p.-Arturo-Sossa-i-HR-delegacija-smanjena-za-WEB-1024x768.jpg 1024w, https:\/\/zkz.hr\/wp-content\/uploads\/sites\/130\/2023\/09\/p.-Arturo-Sossa-i-HR-delegacija-smanjena-za-WEB-300x225.jpg 300w, https:\/\/zkz.hr\/wp-content\/uploads\/sites\/130\/2023\/09\/p.-Arturo-Sossa-i-HR-delegacija-smanjena-za-WEB-768x576.jpg 768w, https:\/\/zkz.hr\/wp-content\/uploads\/sites\/130\/2023\/09\/p.-Arturo-Sossa-i-HR-delegacija-smanjena-za-WEB.jpg 1824w\" sizes=\"auto, (max-width: 592px) 100vw, 592px\" \/><\/a><p id=\"caption-attachment-667\" class=\"wp-caption-text\">&#8220;Pater, mi smo iz Hrvatske!&#8221; &#8220;Pa to je o\u010dito!&#8221; p. Arturo Sossa, general DI<\/p><\/div>\n<h3>PROGRAM SKUP\u0160TINE ZK\u017d<\/h3>\n<p>U deset aktivnih radnih dana poku\u0161ali smo zajedni\u010dkim razlu\u010divanjem otkriti konkretne putove na koje nas Duh Bo\u017eji poziva i \u0161alje. U oslu\u0161kivanju poticaja Duha slu\u017eili smo se ignacijevskim alatom &#8220;U-Teorijom&#8221; Otta Shcarmera, prikladnom za zajedni\u010dko razlu\u010divanje i upravljanje promjenama, a koji su vje\u0161to koristili voditelji: talijan p. Flavio Batara DI, engleskinja Sarah Broscombe i francuskinja\u00a0B\u00e8atrice Castaing de Longueville. Doista, ovo iskustvo nije lako opisati rije\u010dima. Ovo nije bila konferencija na kojoj se slu\u0161a, ve\u0107 zajedni\u010dki rad te osje\u0107aj pripadnosti zajednici i oslu\u0161kivanje Duha svetoga me\u0111u sudionicima, koji su uspjeli ovim metodama razlu\u010divanja cjelokupne Zajednice iz svih nas izvu\u0107i ono najbitnije, \u0161to \u0107e ostati zapisano u zavr\u0161nom dokumentu skup\u0161tine!<\/p>\n<div style=\"width: 778px\" class=\"wp-caption aligncenter\"><a href=\"https:\/\/www.u-school.org\/theory-u\"><img loading=\"lazy\" decoding=\"async\" class=\"\" src=\"https:\/\/i0.wp.com\/clcew.org.uk\/wp-content\/uploads\/2023\/08\/IMG_2146.jpeg?w=750&amp;ssl=1\" alt=\"\" width=\"768\" height=\"425\" \/><\/a><p class=\"wp-caption-text\">U- teorija Otta Scharmera<\/p><\/div>\n<div style=\"width: 778px\" class=\"wp-caption aligncenter\"><a href=\"https:\/\/i0.wp.com\/clcew.org.uk\/wp-content\/uploads\/2023\/08\/IMG_1304-scaled.jpeg?resize=768%2C401&amp;ssl=1\"><img loading=\"lazy\" decoding=\"async\" src=\"https:\/\/i0.wp.com\/clcew.org.uk\/wp-content\/uploads\/2023\/08\/IMG_1304-scaled.jpeg?resize=768%2C401&amp;ssl=1\" alt=\"\" width=\"768\" height=\"401\" \/><\/a><p class=\"wp-caption-text\">Voditelji talijan p. Flavio Batara DI, engleskinja Sarah Broscombe i francuskinja B\u00e8atrice Castaing de Longueville.<\/p><\/div>\n<h4><a href=\"https:\/\/cvx-clc-amiens2023.org\/en\/journal-de-bord\/lets-go\/\">1. Dan: Osobno otvaranje<\/a><\/h4>\n<p>Prvog dana upoznavali smo jedni druge, te metode i na\u010din rada skup\u0161tine. Podijelili smo se u nekoliko grupa, ovisno o 3 glavna jezika u kojima smo vi\u0161e puta zajedni\u010dki promi\u0161ljali i razlu\u010divali. Jedna grupa bila je samo za dijeljenje iskustva i me\u0111usobno pra\u0107enje, tzv. &#8220;Harbour \/ Luka&#8221; grupa, u kojoj smo na kraju dana iznosili svoje refleksije na protekli dan. Druge su grupe bile radne i na njima smo zajedni\u010dkim razlu\u010divanjem &#8220;Magis krugom&#8221; (duhovnim razgovorom) dolazili do odgovora na zadana pitanja, koja smo kasnije sa\u017eeto iznosili na sastancima skup\u0161tine.<\/p>\n<h4><a href=\"https:\/\/clcew.org.uk\/2023\/08\/04\/inspired-by-the-world\/\">2. i 3. Dan: otvaranje na\u0161im stvarnostima<\/a><\/h4>\n<p>U narednim silaznim danima U-krivulje bili smo pozvani ku\u0161anju &#8211; promatranju djelovanja Duha Bo\u017ejeg u raznim apostolatima i aktivnostima zajednica \u0161irom svijeta te posebno doma\u0107ina, Francuske &#8211; najve\u0107e svjetske zajednice ZK\u017da sa preko 6000 \u010dlanova. Podru\u010dja rada apostolata odgovaraju zaklju\u010dcima svjetskih skup\u0161tina 2013 u Beirutu te 2018 u Buenos Airesu, a poklapaju se i sa &#8220;preferencijama&#8221; Dru\u017ebe Isusove, a to su:<\/p>\n<ul>\n<li><strong>rad s mladima<\/strong><\/li>\n<li><strong>rad s obiteljima<\/strong><\/li>\n<li><strong>rad u promicanju duhovnog \u017eivota<\/strong><\/li>\n<li><strong>rad sa isklju\u010denima, marginaliziranima i siroma\u0161nima<\/strong><\/li>\n<li><strong>briga o zajedni\u010dkom domu\u00a0<\/strong><\/li>\n<\/ul>\n<h4><a href=\"https:\/\/cvx-clc-amiens2023.org\/en\/journal-de-bord\/open-up-to-the-world\/\">4. i 5. dan: Otvaranje na\u0161eg srca<\/a><\/h4>\n<p>Kako je sv. Ignacije preporu\u010dio upotrebu svih osjetila, tako smo i mi &#8220;ku\u0161aju\u0107i&#8221; slu\u0161anjem i gledanjem kako jedni druge tako i ove apostolate i inicijative koji su iznikle diljem svijeta, polako otvarali svoja srca za sljede\u0107e dane, u kojima smo razmatraju\u0107i meditaciju iz Duhovnih vje\u017ebi o Utjelovljenju, poku\u0161avali odgovoriti na pitanje &#8220;<em>Na \u0161to nas Bog poziva<\/em>&#8221; osobno, kao osnovna zajednica, nacionalna zajednica, regionalna te na kraju i svjetska zajednica.<\/p>\n<h4><a href=\"https:\/\/cvx-clc-amiens2023.org\/en\/open-day\/open-day-in-pictures\/\">6. Dan otvorenih vrata i zajedni\u010dka sv. misa u katedrali u Amiensu<\/a><\/h4>\n<p><a href=\"https:\/\/cvx-clc-amiens2023.org\/en\/journal-de-bord\/lets-open-the-doors\/\">Nedjelja je bio dan otvorenih vrata<\/a>, kada su nam se prudru\u017eili 800 ZK\u017d-ovaca iz Francuske, Belgije, Njema\u010dke, Italije&#8230;., te smo zajedno slavili sv. misu u veli\u010danstvenoj goti\u010dkoj katedrali u Amiensu, na kojoj nam je p. Arturo Sossa general DI uputio <a href=\"http:\/\/pubweb.carnet.hr\/zkz\/?p=763\" target=\"_blank\" rel=\"noopener\">poticajnu propovijed,<\/a> a popodne odr\u017eao susret sa svim sudionicima skup\u0161tine, te svim \u010dlanovima ZK\u017d-a uputio duboke poticaje. Nave\u010der se posebno susreo sa isusovcima, duhovnim asistentima nacionalnih ZK\u017d zajednica, te i njima <a href=\"http:\/\/pubweb.carnet.hr\/zkz\/?p=767\">uputio rije\u010di podr\u0161ke i poticaja<\/a> u pra\u0107enju ZK\u017d nacionalnih zajednica.<\/p>\n<div style=\"width: 1930px\" class=\"wp-caption aligncenter\"><a href=\"https:\/\/cvx-clc-amiens2023.org\/wp-content\/uploads\/2023\/08\/Homily.jpg\"><img loading=\"lazy\" decoding=\"async\" src=\"https:\/\/cvx-clc-amiens2023.org\/wp-content\/uploads\/2023\/08\/Homily.jpg\" alt=\"\" width=\"1920\" height=\"1280\" \/><\/a><p class=\"wp-caption-text\">p. Arturo Sossa, general DI, sv. misa u katedrali na\u0161e Gospe, Amiens 2023<\/p><\/div>\n<p>Trenutke zajedni\u0161tva cca 1000 \u010dlanova ZK\u017d-a mo\u017eete pogledati u sljede\u0107em videu:<\/p>\n<p><iframe loading=\"lazy\" width=\"1170\" height=\"658\" src=\"https:\/\/www.youtube.com\/embed\/QkrFEJNui8M?feature=oembed\" frameborder=\"0\" allow=\"accelerometer; autoplay; clipboard-write; encrypted-media; gyroscope; picture-in-picture; web-share\" allowfullscreen title=\"Follow the Assembly\/ Suivre l&#39;assembl\u00e9e\/ Siga la Asamblea: Journ\u00e9e portes ouvertes CVX, 6 ao\u00fbt 2023\"><\/iframe><\/p>\n<p>Interview sa p. Sossom, mo\u017eete pogledati ovdje:<\/p>\n<p><iframe loading=\"lazy\" width=\"1170\" height=\"658\" src=\"https:\/\/www.youtube.com\/embed\/X_dOrdaQUdM?feature=oembed\" frameborder=\"0\" allow=\"accelerometer; autoplay; clipboard-write; encrypted-media; gyroscope; picture-in-picture; web-share\" allowfullscreen title=\"Deepen \/ Approfondir\/ Profundizar: Interview avec P Arturo Sosa\"><\/iframe><\/p>\n<h4><a href=\"https:\/\/cvx-clc-amiens2023.org\/en\/journal-de-bord\/day-of-silence\/\">7. dan: Ulazak u ti\u0161inu<\/a><\/h4>\n<p>Dok smo u prvim danima U-krivulje gladali \u0161to je Bog u\u010dinio u na\u0161im \u017eivotima, na dnu krivulje pozvani smo oslu\u0161kivati i otkrivati <strong>na \u0161to nas Bog poziva u budu\u0107nosti<\/strong>, na koje inicijative, kojim putem usmjeriti svoje korake, \u017eivotne sile i primljene darove. Za\u00a0 evan\u0111eoski poticaj, promatrali smo Petrov hod po vodi, pad i ponovno ustajanje na Isusov poziv te pogled usmjeren samo na Isusa. Promi\u0161ljaju\u0107i u ti\u0161ini, na kraju dana u ve\u010dernjem egzamenu, poku\u0161ali smo prona\u0107i odgovore na konkretan poziv da krenemo izvan zona na\u0161e sigurnosti, preko na\u0161ih sada\u0161njih granica, kako za svjetsku, tako i za regionalnu i nacionalnu zajednicu.<\/p>\n<h4><a href=\"https:\/\/cvx-clc-amiens2023.org\/en\/journal-de-bord\/what-are-we-called-to\/\"><strong>8. dan: Otvaranje budu\u0107nosti<\/strong><\/a><\/h4>\n<p>Odgovore koje je svatko od nas nosio u srcu treba iznijeti i drugima, no kako to u\u010dinkovito u\u010diniti u tako velikom mno\u0161tvu. I ovdje se je pokazala vrlo u\u010dinkovitom sljede\u0107a metoda iz Evan\u0111elja: &#8220;&#8230;i po\u0161alje ih Isus po dvojicu&#8221;&#8230;.<\/p>\n<div style=\"width: 310px\" class=\"wp-caption alignleft\"><img loading=\"lazy\" decoding=\"async\" src=\"https:\/\/i0.wp.com\/clcew.org.uk\/wp-content\/uploads\/2023\/08\/IMG_1283-scaled.jpeg?resize=300%2C169&amp;ssl=1\" alt=\"\" width=\"300\" height=\"169\" \/><p class=\"wp-caption-text\">Skupina od 8<\/p><\/div>\n<p>Najprije smo u dvoje otvorili srca, zatim su ova dvojica na\u0161la drugu dvojicu i njih \u010detvero je me\u0111usobno podijelilo ono \u0161to nas je najvi\u0161e dotaklo u razgovoru u dvoje. Na taj na\u010din smo ve\u0107 malo pro\u010distili i sa\u017eeli zaklju\u010dke.<\/p>\n<p>Sada su se ova \u010detvorica spojila s drugom \u010detvoricom te je skupina od njih osam ve\u0107 lak\u0161e mogla do\u0107i do sa\u017eetaka, koje su zatim podijelili na glavnoj skup\u0161tini. Svi prijedlozi zapisani na papiri\u0107ima stavljeni su na plo\u010du, te smo do onih najva\u017enijih prijedloga do\u0161li metodom njihove naj\u010de\u0161\u0107e zastupljenosti po skupinama.<\/p>\n<p>Milosno je bilo iskustvo rada u takvim skupinama razli\u010ditih, do sada nepoznatih ljudi, koje je Duh sveti ujedinio i povezao te nam je i srca povezao, kako bi ovih deset dana doista \u017eivjeli kao prijatelji u Gospodinu!<\/p>\n<p>&nbsp;<\/p>\n<p><a style=\"font-weight: inherit\" href=\"https:\/\/clcew.org.uk\/2023\/08\/09\/what-are-we-being-called-to\/\"><img loading=\"lazy\" decoding=\"async\" src=\"https:\/\/i0.wp.com\/clcew.org.uk\/wp-content\/uploads\/2023\/08\/IMG_2125-scaled.jpeg?resize=300%2C201&amp;ssl=1\" alt=\"\" width=\"300\" height=\"201\" \/><\/a><\/p>\n<p>Zajedni\u010dki zaklju\u010dci rada u skupinama<\/p>\n<h4><a href=\"https:\/\/cvx-clc-amiens2023.org\/en\/journal-de-bord\/the-assembly-a-team-effort\/\">9.dan: Uobli\u010davanje svih prijedloga i priprema za izradu zavr\u0161nog dokumenta skup\u0161tine i priprema za izbore<\/a><\/h4>\n<p>Vjerojatno najte\u017ei dio posla je bio na piscima zavr\u0161nog dokumenta da pravim rije\u010dima izraze na\u0161a promi\u0161ljanja. Nije lako bilo niti usvojiti bud\u017eet djelovanja svjetske zajednice sa hrabrim iskorakom pove\u0107anja tog bud\u017eeta, koji \u0107e se prenijeti na svakog pojedinog \u010dlana. Redovitim pla\u0107anjem svoje \u010dlanarine, \u010dlanovi \u0107e podupirati kako lokalne, regionalne tako i zajedni\u010dke aktivnosti i apostolate svjetske zajednice.<\/p>\n<p>U prijedlozima na\u0161e najve\u0107e zajedni\u010dke pozornosti u periodu narednih pet godina, najvi\u0161e su bili zastupljeni sljede\u0107i izazovi:<\/p>\n<ul>\n<li>tema postoje\u0107ih ratova u svijetu (ne samo u Ukrajini);<\/li>\n<li>ekonomski problemi svojstveni svjetskoj globalizaciji;<\/li>\n<li>tema Integralne ekologije;<\/li>\n<li>razne postoje\u0107e vrste siroma\u0161tva \u2013 ne samo ekonomske \u2013 ve\u0107 i one gubitka osje\u0107aja vrijednosti i smisla \u017eivota;<\/li>\n<li>problemi obitelji u razli\u010ditim oblicima (tradicionalna obitelj, \u0161ira obitelj, razdvojeni, razvedeni, osobe sa druga\u010dijom spolnom orijentacijom&#8230;.);<\/li>\n<li>slo\u017eena stvarnost autohtonih naroda;<\/li>\n<li>pitanje migracija i tragedija migranata;<\/li>\n<li>uloga \u017eene u Crkvi; obiteljsko nasilje nad \u017eenama;<\/li>\n<li>problem mladih u Crkvi i na\u0161im zajednicama<\/li>\n<li>i kona\u010dno dramati\u010dna stvarnost zloporaba u crkvenom podru\u010dju.<\/li>\n<\/ul>\n<p>Sve su teme uvijek obra\u0111ivane u atmosferi maksimalnog uva\u017eavanja tu\u0111eg mi\u0161ljenja, \u010dak i ako se ono nije poklapalo s vlastitim. O nekim su se temama, naime, stajali\u0161ta na skup\u0161tini razlikovala, budu\u0107i da je stvarnost u kojoj \u017eivimo vrlo slo\u017eena i stalno se mijenja.<br \/>\nSkup\u0161tina je tada jednoglasno odlu\u010dila uspostaviti Povjerenstvo \u2013 koje predstavlja sve svjetske ZK\u017d zajednice \u2013 koje \u0107e sljede\u0107ih pet godina raditi na reviziji Op\u0107ih na\u010dela i normi, koja \u0107e biti predstavljena na sljede\u0107oj Svjetskoj skup\u0161tini 2028. Ako se revizija odobri na sljede\u0107oj svjetskoj skup\u0161tini, onda se mora podnijeti Svetoj Stolici na kona\u010dnu ratifikaciju.<br \/>\nPonovno je nagla\u0161eno kako je ZK\u017d lai\u010dka, apostolska i ignacijevska zajednica, utemeljena na iskustvu duhovnih vje\u017ebi svetog Ignacija Lojolskog, te je ponovno potvr\u0111ena temeljna uloga Djevice Marije u na\u0161im zajednicama.<\/p>\n<h4><a href=\"https:\/\/cvx-clc-amiens2023.org\/en\/journal-de-bord\/go-and-spread-hope\/\">10. dan: Izbori<\/a><\/h4>\n<div style=\"width: 748px\" class=\"wp-caption alignnone\"><img loading=\"lazy\" decoding=\"async\" src=\"https:\/\/cvx-clc-amiens2023.org\/wp-content\/uploads\/2023\/08\/b3-app-image-shared4-1280x853.jpg\" alt=\"\" width=\"738\" height=\"492\" \/><p class=\"wp-caption-text\">Novo vodstvo svjetske ZK\u017d &#8211; 2023 &#8211; 2028<\/p><\/div>\n<p>Zadnjeg dana skup\u0161tine pristupili smo izborima, te smo uspje\u0161no izabrali i novo vodstvo svjetske Zajednice kr\u0161\u0107anskog \u017eivota, u kojem su zastupljeni svi kontinenti i regije te smo na sve njih molili milost Duha svetoga. I taj \u010din izbora predstavlja na\u0161e sudjelovanje sa Bo\u017ejom providno\u0161\u0107u, koja sura\u0111uje s ljudima.<\/p>\n<p>Novo izabrano vodstvo:<\/p>\n<p>Predsjednik: <strong>Chris Micallef<\/strong> (Malta)<\/p>\n<p>Podpredsjednica: <strong>Daphne Ho<\/strong> (Hong Kong)<\/p>\n<p>Savjetnici:<br \/>\n<strong>Franklin Iba\u00f1ez<\/strong> (Peru)<br \/>\n<strong>Catherine Waiyaki<\/strong> (Kenya)<br \/>\n<strong>Inji Fayez<\/strong> (Egypt)<br \/>\n<strong>Catherine Kelly<\/strong> (Canada)<br \/>\n<strong>Cecilia Mart\u00ednez<\/strong> (Spain)<\/p>\n<p>Crkveni Viceassistent: <strong>p. Jos\u00e9 de Pablo sj<\/strong> (Spain)<\/p>\n<p>Izvr\u0161ni tajnik: <strong>Manuel Mart\u00ednez<\/strong> (Uruguay)<\/p>\n<h4>Svete Mise<\/h4>\n<div style=\"width: 270px\" class=\"wp-caption aligncenter\"><a href=\"https:\/\/i0.wp.com\/clcew.org.uk\/wp-content\/uploads\/2023\/08\/IMG_1291-scaled.jpeg?resize=260%2C462&amp;ssl=1\"><img loading=\"lazy\" decoding=\"async\" src=\"https:\/\/i0.wp.com\/clcew.org.uk\/wp-content\/uploads\/2023\/08\/IMG_1291-scaled.jpeg?resize=260%2C462&amp;ssl=1\" alt=\"\" width=\"260\" height=\"462\" \/><\/a><p class=\"wp-caption-text\">Sv. Misa animirana predstavnicima Afrike<\/p><\/div>\n<p>Zaklju\u010dak svakog dana bila je sveta Misa, animirana predstavnicima razli\u010dith regija &#8211; Europa, Sjeverna Amerika, Ju\u017ena Amerika, Srednji istok, Afrika, Azija i Oceanija. Svakako jedno od najja\u010dih iskustava sa ove skup\u0161tine je spoznaja da su se obistinile molitve iz sv. pisma, da \u0107e svi puci i jezici slaviti Boga, do na kraj svijeta. ZK\u017d je u na\u0161oj katoli\u010dkoj crkvi jedna od rijetkih zajednica koja \u017eivi i omogu\u0107uje iskusiti na ovakvom svjetskom skupu to iskustvo! Moliti O\u010dena\u0161 u barem 75 jezika opipljiv je osje\u0107aj prvih Duhova! Pru\u017eiti mir bratu i sestri u Kristu iz najudaljenih krajeva svijeta ili pjevati pjesme iz Taizea na nevjerojatnim jezicima, za koje nikad nismo \u010duli, mogu\u0107e je samo na svjetskoj skup\u0161tini ZK\u017d-a!<\/p>\n<p>U slu\u017ebenim \u010ditanjima nastojali su se koristiti i svi ostali jezici, pored tri slu\u017ebena: francuskog, \u0161panjolskog i engleskog.<\/p>\n<div style=\"width: 544px\" class=\"wp-caption aligncenter\"><a style=\"font-weight: inherit\" href=\"https:\/\/cvx-clc-amiens2023.org\/wp-content\/uploads\/2023\/08\/WhatsApp-Image-2023-08-12-at-11.04.46-1152x1536.jpeg\"><img loading=\"lazy\" decoding=\"async\" src=\"https:\/\/cvx-clc-amiens2023.org\/wp-content\/uploads\/2023\/08\/WhatsApp-Image-2023-08-12-at-11.04.46-1152x1536.jpeg\" alt=\"\" width=\"534\" height=\"712\" \/><\/a><p class=\"wp-caption-text\">Kri\u017e posebno pripremljen za ovu skup\u0161tinu<\/p><\/div>\n<h4><a href=\"https:\/\/hr.wikipedia.org\/wiki\/Katedrala_Notre-Dame_u_Amiensu\">Goti\u010dka katedrala u Amiensu<\/a><\/h4>\n<p>Veli\u010danstvena katedrala u Amiensu bila je posebno osvjetljena u ovim danima, te smo imali priliku nave\u010der u\u017eivati u prekrasnoj igri svjetla!<\/p>\n<div style=\"width: 1210px\" class=\"wp-caption alignnone\"><a href=\"https:\/\/i0.wp.com\/clcew.org.uk\/wp-content\/uploads\/2023\/08\/IMG_1310-scaled.jpeg?resize=1200%2C800&amp;ssl=1\"><img loading=\"lazy\" decoding=\"async\" src=\"https:\/\/i0.wp.com\/clcew.org.uk\/wp-content\/uploads\/2023\/08\/IMG_1310-scaled.jpeg?resize=1200%2C800&amp;ssl=1\" alt=\"\" width=\"1200\" height=\"800\" \/><\/a><p class=\"wp-caption-text\">Goti\u0107ka katedrala u Amiensu iz 13. stolje\u0107a<\/p><\/div>\n<h4>ZAKLJU\u010cAK<\/h4>\n<p>Svi moramo zahvaliti Gospodinu za svjetlo i milosti koje smo primili u ovih 10 dana Skup\u0161tine.<br \/>\nSada je na svakome od nas da se posvetimo tome, da ostvarimo smjernice nazna\u010dene u Amiensu, prilago\u0111avaju\u0107i ih nacionalnoj i na\u0161oj lokalnoj stvarnosti.<br \/>\nSkup\u0161tina sna\u017eno preporu\u010duje novom Izvr\u0161nom vije\u0107u da posebno vodi ra\u010duna o odnosu s razli\u010ditim regionalnim i nacionalnim zajednicama, uz ja\u010danje me\u0111usobne povezanosti me\u0111u kontinentalnim i regionalnim zajednicama te sa svjetskim izvr\u0161nim vije\u0107em.<br \/>\nPozivamo sve \u010dlanove i zainteresirane da pa\u017eljivo pro\u010ditaju Zavr\u0161ni dokument koji je usvojila Skup\u0161tina i koji \u0107e biti objavljen u rujnu, nakon \u0161to ga revidira Izvr\u0161no vije\u0107e, te da bude predmet dubljeg promi\u0161ljanja kako na nacionalnoj tako i na lokalnoj i osobnoj razini.<\/p>\n<p>&nbsp;<\/p>\n<p>Damijan Srdo\u010d<\/p>\n<p><a href=\"http:\/\/pubweb.carnet.hr\/zkz\/?p=757\">ps. dijelimo sa vama i na\u0161 Dnevnik<\/a>&#8230;<\/p>\n<h4>OVDJE SU SLIKE:<\/h4>\n<p><a href=\"https:\/\/ibb.co\/f9Nrvj4\"><img decoding=\"async\" src=\"https:\/\/i.ibb.co\/kJDq1NQ\/20230803-182859-pred-pozornicom.jpg\" alt=\"20230803-182859-pred-pozornicom\" border=\"0\" \/><\/a><br \/>\n<a href=\"https:\/\/ibb.co\/4gm5YHS\"><img decoding=\"async\" src=\"https:\/\/i.ibb.co\/BKzSr96\/20230802-211411-Smje-taj.jpg\" alt=\"20230802-211411-Smje-taj\" border=\"0\" \/><\/a><br \/>\n<a href=\"https:\/\/ibb.co\/DfXzBhw\"><img decoding=\"async\" src=\"https:\/\/i.ibb.co\/yFTdztg\/20230804-101057-Ku-anje-apostolata.jpg\" alt=\"20230804-101057-Ku-anje-apostolata\" border=\"0\" \/><\/a><br \/>\n<a href=\"https:\/\/ibb.co\/vh9qmTX\"><img decoding=\"async\" src=\"https:\/\/i.ibb.co\/zFdxbB6\/20230804-101429-Ku-anje-apostolata.jpg\" alt=\"20230804-101429-Ku-anje-apostolata\" border=\"0\" \/><\/a><br \/>\n<a href=\"https:\/\/ibb.co\/mJGS2xK\"><img decoding=\"async\" src=\"https:\/\/i.ibb.co\/XXbVKwP\/20230804-101604-Ku-anje-apostolata.jpg\" alt=\"20230804-101604-Ku-anje-apostolata\" border=\"0\" \/><\/a><br \/>\n<a href=\"https:\/\/ibb.co\/ZMxnHg7\"><img decoding=\"async\" src=\"https:\/\/i.ibb.co\/RDcxh6d\/20230804-102002-Ku-anje-apostolata.jpg\" alt=\"20230804-102002-Ku-anje-apostolata\" border=\"0\" \/><\/a><br \/>\n<a href=\"https:\/\/ibb.co\/7G8nWXj\"><img decoding=\"async\" src=\"https:\/\/i.ibb.co\/Jz0v7Km\/20230804-102302-Ku-anje-apostolata.jpg\" alt=\"20230804-102302-Ku-anje-apostolata\" border=\"0\" \/><\/a><br \/>\n<a href=\"https:\/\/ibb.co\/X5S4k7C\"><img decoding=\"async\" src=\"https:\/\/i.ibb.co\/Wzg3pk2\/20230804-102556-Ku-anje-apostolata.jpg\" alt=\"20230804-102556-Ku-anje-apostolata\" border=\"0\" \/><\/a><br \/>\n<a href=\"https:\/\/ibb.co\/Xy9ydkN\"><img decoding=\"async\" src=\"https:\/\/i.ibb.co\/7gHgTN8\/20230804-102746-Ku-anje-apostolata.jpg\" alt=\"20230804-102746-Ku-anje-apostolata\" border=\"0\" \/><\/a><br \/>\n<a href=\"https:\/\/ibb.co\/9yQQbGP\"><img decoding=\"async\" src=\"https:\/\/i.ibb.co\/j3nnyHt\/20230804-102750-Ku-anje-apostolata.jpg\" alt=\"20230804-102750-Ku-anje-apostolata\" border=\"0\" \/><\/a><br \/>\n<a href=\"https:\/\/ibb.co\/V9TnJJS\"><img decoding=\"async\" src=\"https:\/\/i.ibb.co\/sRqxbbw\/20230804-102901-Ku-anje-apostolata.jpg\" alt=\"20230804-102901-Ku-anje-apostolata\" border=\"0\" \/><\/a><br \/>\n<a href=\"https:\/\/ibb.co\/yypdpX3\"><img decoding=\"async\" src=\"https:\/\/i.ibb.co\/T81Y1kC\/20230804-110416-Anchor-radna-skupina.jpg\" alt=\"20230804-110416-Anchor-radna-skupina\" border=\"0\" \/><\/a><br \/>\n<a href=\"https:\/\/ibb.co\/zX0SSHC\"><img decoding=\"async\" src=\"https:\/\/i.ibb.co\/n75DD84\/20230804-115124-Ku-anje-apostolata.jpg\" alt=\"20230804-115124-Ku-anje-apostolata\" border=\"0\" \/><\/a><br \/>\n<a href=\"https:\/\/ibb.co\/k1C7T8T\"><img decoding=\"async\" src=\"https:\/\/i.ibb.co\/NSBvqjq\/20230804-115142-Ku-anje-apostolata.jpg\" alt=\"20230804-115142-Ku-anje-apostolata\" border=\"0\" \/><\/a><br \/>\n<a href=\"https:\/\/ibb.co\/5hQZx6H\"><img decoding=\"async\" src=\"https:\/\/i.ibb.co\/F4QpqKT\/20230804-115438-Ku-anje-apostolata.jpg\" alt=\"20230804-115438-Ku-anje-apostolata\" border=\"0\" \/><\/a><br \/>\n<a href=\"https:\/\/ibb.co\/F6gJrsC\"><img decoding=\"async\" src=\"https:\/\/i.ibb.co\/Q9rng8t\/20230804-160850-p-Flavio-Magis-krug.jpg\" alt=\"20230804-160850-p-Flavio-Magis-krug\" border=\"0\" \/><\/a><br \/>\n<a href=\"https:\/\/ibb.co\/jHSkPxn\"><img decoding=\"async\" src=\"https:\/\/i.ibb.co\/FnF4LfR\/20230804-182023-slika-hrvatske-ZK.jpg\" alt=\"20230804-182023-slika-hrvatske-ZK\" border=\"0\" \/><\/a><br \/>\n<a href=\"https:\/\/ibb.co\/TtZwnGR\"><img decoding=\"async\" src=\"https:\/\/i.ibb.co\/3cwT8bW\/20230805-150130-Radni-dio-skup-tine.jpg\" alt=\"20230805-150130-Radni-dio-skup-tine\" border=\"0\" \/><\/a><br \/>\n<a href=\"https:\/\/ibb.co\/fpdtrgY\"><img decoding=\"async\" src=\"https:\/\/i.ibb.co\/zRVbPMh\/20230805-160930-Svjetske-inicijative.jpg\" alt=\"20230805-160930-Svjetske-inicijative\" border=\"0\" \/><\/a><br \/>\n<a href=\"https:\/\/ibb.co\/pzDPyCy\"><img decoding=\"async\" src=\"https:\/\/i.ibb.co\/2t26NXN\/20230805-161046-Svjetske-inicijative.jpg\" alt=\"20230805-161046-Svjetske-inicijative\" border=\"0\" \/><\/a><br \/>\n<a href=\"https:\/\/ibb.co\/pZwVpP9\"><img decoding=\"async\" src=\"https:\/\/i.ibb.co\/ftF67SP\/20230805-161154-Svjetske-inicijative.jpg\" alt=\"20230805-161154-Svjetske-inicijative\" border=\"0\" \/><\/a><br \/>\n<a href=\"https:\/\/ibb.co\/h7nXGPk\"><img decoding=\"async\" src=\"https:\/\/i.ibb.co\/j6xVCcd\/20230805-163338-Svjetske-inicijative.jpg\" alt=\"20230805-163338-Svjetske-inicijative\" border=\"0\" \/><\/a><br \/>\n<a href=\"https:\/\/ibb.co\/h10Qns5\"><img decoding=\"async\" src=\"https:\/\/i.ibb.co\/M5dwjnT\/20230805-184045-Sv-misa-Ju-na-Amerika.jpg\" alt=\"20230805-184045-Sv-misa-Ju-na-Amerika\" border=\"0\" \/><\/a><br \/>\n<a href=\"https:\/\/ibb.co\/KmSMrv1\"><img decoding=\"async\" src=\"https:\/\/i.ibb.co\/zNDy4vk\/20230805-214618-Harbour-grupa.jpg\" alt=\"20230805-214618-Harbour-grupa\" border=\"0\" \/><\/a><br \/>\n<a href=\"https:\/\/ibb.co\/kD3wsDW\"><img decoding=\"async\" src=\"https:\/\/i.ibb.co\/qg0c3gP\/20230806-085647-Hrvatski-doprinos-na-danu-otvorenih-vrata.jpg\" alt=\"20230806-085647-Hrvatski-doprinos-na-danu-otvorenih-vrata\" border=\"0\" \/><\/a><br \/>\n<a href=\"https:\/\/ibb.co\/LPqyZSv\"><img decoding=\"async\" src=\"https:\/\/i.ibb.co\/RSMKD27\/20230806-103409-HR-i-Vijetnam.jpg\" alt=\"20230806-103409-HR-i-Vijetnam\" border=\"0\" \/><\/a><br \/>\n<a href=\"https:\/\/ibb.co\/mzm0kfB\"><img decoding=\"async\" src=\"https:\/\/i.ibb.co\/nkTB9x0\/20230806-110520-Skupine.jpg\" alt=\"20230806-110520-Skupine\" border=\"0\" \/><\/a><br \/>\n<a href=\"https:\/\/ibb.co\/zXbchJn\"><img decoding=\"async\" src=\"https:\/\/i.ibb.co\/pfZDvy0\/20230806-123347-rad-u-crkvi-u-Amiensu.jpg\" alt=\"20230806-123347-rad-u-crkvi-u-Amiensu\" border=\"0\" \/><\/a><br \/>\n<a href=\"https:\/\/ibb.co\/P95TtxT\"><img decoding=\"async\" src=\"https:\/\/i.ibb.co\/CMnJWBJ\/20230806-123840-Piknik.jpg\" alt=\"20230806-123840-Piknik\" border=\"0\" \/><\/a><br \/>\n<a href=\"https:\/\/ibb.co\/jg7Ny32\"><img decoding=\"async\" src=\"https:\/\/i.ibb.co\/3Bt3pSq\/20230806-123857-Piknik.jpg\" alt=\"20230806-123857-Piknik\" border=\"0\" \/><\/a><br \/>\n<a href=\"https:\/\/ibb.co\/YcmQjPR\"><img decoding=\"async\" src=\"https:\/\/i.ibb.co\/48ztNKm\/20230806-130516-rad-u-crkvi-u-Amiensu.jpg\" alt=\"20230806-130516-rad-u-crkvi-u-Amiensu\" border=\"0\" \/><\/a><br \/>\n<a href=\"https:\/\/ibb.co\/PgdL4sq\"><img decoding=\"async\" src=\"https:\/\/i.ibb.co\/tD9GcwV\/20230806-125912-Piknik.jpg\" alt=\"20230806-125912-Piknik\" border=\"0\" \/><\/a><br \/>\n<a href=\"https:\/\/ibb.co\/2n1wwV2\"><img decoding=\"async\" src=\"https:\/\/i.ibb.co\/znT119c\/20230806-141433-Misa-u-katedrali.jpg\" alt=\"20230806-141433-Misa-u-katedrali\" border=\"0\" \/><\/a><br \/>\n<a href=\"https:\/\/ibb.co\/W6q5pMb\"><img decoding=\"async\" src=\"https:\/\/i.ibb.co\/pxGwrMt\/20230806-141442-Misa-u-katedrali.jpg\" alt=\"20230806-141442-Misa-u-katedrali\" border=\"0\" \/><\/a><br \/>\n<a href=\"https:\/\/ibb.co\/vV5m1m5\"><img decoding=\"async\" src=\"https:\/\/i.ibb.co\/wBHCyCH\/20230806-145633-Misa-u-katedrali.jpg\" alt=\"20230806-145633-Misa-u-katedrali\" border=\"0\" \/><\/a><br \/>\n<a href=\"https:\/\/ibb.co\/74C54N2\"><img decoding=\"async\" src=\"https:\/\/i.ibb.co\/ZmXPm1W\/20230806-145657-Misa-u-katedrali.jpg\" alt=\"20230806-145657-Misa-u-katedrali\" border=\"0\" \/><\/a><br \/>\n<a href=\"https:\/\/ibb.co\/7Jkt8QQ\"><img decoding=\"async\" src=\"https:\/\/i.ibb.co\/fYDdB99\/20230806-153739-Misa-u-katedrali.jpg\" alt=\"20230806-153739-Misa-u-katedrali\" border=\"0\" \/><\/a><br \/>\n<a href=\"https:\/\/ibb.co\/R72SvkV\"><img decoding=\"async\" src=\"https:\/\/i.ibb.co\/1bZnvtw\/20230806-161018-Misa-u-katedrali.jpg\" alt=\"20230806-161018-Misa-u-katedrali\" border=\"0\" \/><\/a><br \/>\n<a href=\"https:\/\/ibb.co\/cDKRqKs\"><img decoding=\"async\" src=\"https:\/\/i.ibb.co\/NZgfRgG\/20230806-161312-Misa-u-katedrali.jpg\" alt=\"20230806-161312-Misa-u-katedrali\" border=\"0\" \/><\/a><br \/>\n<a href=\"https:\/\/ibb.co\/pLTQ291\"><img decoding=\"async\" src=\"https:\/\/i.ibb.co\/KrgD635\/20230806-162503-Amiens.jpg\" alt=\"20230806-162503-Amiens\" border=\"0\" \/><\/a><br \/>\n<a href=\"https:\/\/ibb.co\/vkK7BSg\"><img decoding=\"async\" src=\"https:\/\/i.ibb.co\/ZxknJ0t\/20230806-163139-Amiens.jpg\" alt=\"20230806-163139-Amiens\" border=\"0\" \/><\/a><br \/>\n<a href=\"https:\/\/ibb.co\/NLDZjbV\"><img decoding=\"async\" src=\"https:\/\/i.ibb.co\/649gPLn\/20230806-163324-Amiens.jpg\" alt=\"20230806-163324-Amiens\" border=\"0\" \/><\/a><br \/>\n<a href=\"https:\/\/ibb.co\/jzNgNfm\"><img decoding=\"async\" src=\"https:\/\/i.ibb.co\/7Qf2fCP\/20230806-163855-Amiens.jpg\" alt=\"20230806-163855-Amiens\" border=\"0\" \/><\/a><br \/>\n<a href=\"https:\/\/ibb.co\/5FW4Lr0\"><img decoding=\"async\" src=\"https:\/\/i.ibb.co\/k1gBX47\/20230806-164202-Amiens.jpg\" alt=\"20230806-164202-Amiens\" border=\"0\" \/><\/a><br \/>\n<a href=\"https:\/\/ibb.co\/CbFmdG9\"><img decoding=\"async\" src=\"https:\/\/i.ibb.co\/5rVGDHj\/20230806-183158-Dan-otvorenih-vrata.jpg\" alt=\"20230806-183158-Dan-otvorenih-vrata\" border=\"0\" \/><\/a><br \/>\n<a href=\"https:\/\/ibb.co\/gdt1zTj\"><img decoding=\"async\" src=\"https:\/\/i.ibb.co\/XDFBSs2\/20230806-183920-HR-i-Madagaskar.jpg\" alt=\"20230806-183920-HR-i-Madagaskar\" border=\"0\" \/><\/a><br \/>\n<a href=\"https:\/\/ibb.co\/0ZSSNbn\"><img decoding=\"async\" src=\"https:\/\/i.ibb.co\/ctHH5ny\/20230806-190404-Dan-otvorenih-vrata.jpg\" alt=\"20230806-190404-Dan-otvorenih-vrata\" border=\"0\" \/><\/a><br \/>\n<a href=\"https:\/\/ibb.co\/7jrYQKD\"><img decoding=\"async\" src=\"https:\/\/i.ibb.co\/sbsmCq4\/20230806-191214-HR-i-Koreja.jpg\" alt=\"20230806-191214-HR-i-Koreja\" border=\"0\" \/><\/a><br \/>\n<a href=\"https:\/\/ibb.co\/hfxXyJV\"><img decoding=\"async\" src=\"https:\/\/i.ibb.co\/C2pJz3Q\/20230806-190949-Dan-otvorenih-vrata.jpg\" alt=\"20230806-190949-Dan-otvorenih-vrata\" border=\"0\" \/><\/a><br \/>\n<a href=\"https:\/\/ibb.co\/M9b8mXb\"><img decoding=\"async\" src=\"https:\/\/i.ibb.co\/XV9yqw9\/20230806-201902-Ru-ak.jpg\" alt=\"20230806-201902-Ru-ak\" border=\"0\" \/><\/a><br \/>\n<a href=\"https:\/\/ibb.co\/k3Pcygj\"><img decoding=\"async\" src=\"https:\/\/i.ibb.co\/B4YsPVb\/20230807-084010-HR-i-p-Sossa.jpg\" alt=\"20230807-084010-HR-i-p-Sossa\" border=\"0\" \/><\/a><br \/>\n<a href=\"https:\/\/ibb.co\/FgkvLvD\"><img decoding=\"async\" src=\"https:\/\/i.ibb.co\/dGs9w95\/20230807-102732-P-Sossa.jpg\" alt=\"20230807-102732-P-Sossa\" border=\"0\" \/><\/a><br \/>\n<a href=\"https:\/\/ibb.co\/bryCKNG\"><img decoding=\"async\" src=\"https:\/\/i.ibb.co\/jLxQr3j\/20230807-130019-P-Sossa.jpg\" alt=\"20230807-130019-P-Sossa\" border=\"0\" \/><\/a><br \/>\n<a href=\"https:\/\/ibb.co\/zbqh1BQ\"><img decoding=\"async\" src=\"https:\/\/i.ibb.co\/mtfCm2b\/20230807-130206-Rad-u-grupama.jpg\" alt=\"20230807-130206-Rad-u-grupama\" border=\"0\" \/><\/a><br \/>\n<a href=\"https:\/\/ibb.co\/9y7fsGr\"><img decoding=\"async\" src=\"https:\/\/i.ibb.co\/nQFVzRL\/20230807-163037-Rad-u-grupama.jpg\" alt=\"20230807-163037-Rad-u-grupama\" border=\"0\" \/><\/a><br \/>\n<a href=\"https:\/\/ibb.co\/mXrjBCd\"><img decoding=\"async\" src=\"https:\/\/i.ibb.co\/k9V7ygz\/20230807-163258-Rad-u-grupama.jpg\" alt=\"20230807-163258-Rad-u-grupama\" border=\"0\" \/><\/a><br \/>\n<a href=\"https:\/\/ibb.co\/10mvVqM\"><img decoding=\"async\" src=\"https:\/\/i.ibb.co\/S63sTnc\/20230807-193638-HR-zastava.jpg\" alt=\"20230807-193638-HR-zastava\" border=\"0\" \/><\/a><br \/>\n<a href=\"https:\/\/ibb.co\/L909HBw\"><img decoding=\"async\" src=\"https:\/\/i.ibb.co\/0YnYv1N\/20230807-183617-Misa-bliski-istok.jpg\" alt=\"20230807-183617-Misa-bliski-istok\" border=\"0\" \/><\/a><br \/>\n<a href=\"https:\/\/ibb.co\/nkxp3mD\"><img decoding=\"async\" src=\"https:\/\/i.ibb.co\/ryD9b0Z\/20230807-193649-HR-zastava.jpg\" alt=\"20230807-193649-HR-zastava\" border=\"0\" \/><\/a><br \/>\n<a href=\"https:\/\/ibb.co\/7XshVfM\"><img decoding=\"async\" src=\"https:\/\/i.ibb.co\/bPctL0w\/20230807-193725-HR-zastava.jpg\" alt=\"20230807-193725-HR-zastava\" border=\"0\" \/><\/a><br \/>\n<a href=\"https:\/\/ibb.co\/Jx8Cc3L\"><img decoding=\"async\" src=\"https:\/\/i.ibb.co\/3fVkTRX\/20230807-193819-HR-zastava.jpg\" alt=\"20230807-193819-HR-zastava\" border=\"0\" \/><\/a><br \/>\n<a href=\"https:\/\/ibb.co\/94PznDq\"><img decoding=\"async\" src=\"https:\/\/i.ibb.co\/jwtBhNL\/20230807-193830-HR-zastava.jpg\" alt=\"20230807-193830-HR-zastava\" border=\"0\" \/><\/a><br \/>\n<a href=\"https:\/\/ibb.co\/XtmKxvG\"><img decoding=\"async\" src=\"https:\/\/i.ibb.co\/rHnz21X\/20230807-215344-Krunica.jpg\" alt=\"20230807-215344-Krunica\" border=\"0\" \/><\/a><br \/>\n<a href=\"https:\/\/ibb.co\/hcq8Kvr\"><img decoding=\"async\" src=\"https:\/\/i.ibb.co\/tzdCb5n\/20230808-115628-Kapelica.jpg\" alt=\"20230808-115628-Kapelica\" border=\"0\" \/><\/a><br \/>\n<a href=\"https:\/\/ibb.co\/cFbGQkV\"><img decoding=\"async\" src=\"https:\/\/i.ibb.co\/KqNMWbS\/20230808-131412-Ru-ak.jpg\" alt=\"20230808-131412-Ru-ak\" border=\"0\" \/><\/a><br \/>\n<a href=\"https:\/\/ibb.co\/3YH8pyH\"><img decoding=\"async\" src=\"https:\/\/i.ibb.co\/BKR7yVR\/20230808-191156-Misa-Europa.jpg\" alt=\"20230808-191156-Misa-Europa\" border=\"0\" \/><\/a><br \/>\n<a href=\"https:\/\/ibb.co\/vmvhgKk\"><img decoding=\"async\" src=\"https:\/\/i.ibb.co\/BjKGdSB\/20230808-201331-Ru-ak.jpg\" alt=\"20230808-201331-Ru-ak\" border=\"0\" \/><\/a><br \/>\n<a href=\"https:\/\/ibb.co\/92VBtyD\"><img decoding=\"async\" src=\"https:\/\/i.ibb.co\/xGfwHzk\/20230809-102817-HR-i-Kenija.jpg\" alt=\"20230809-102817-HR-i-Kenija\" border=\"0\" \/><\/a><br \/>\n<a href=\"https:\/\/ibb.co\/x1kRk6z\"><img decoding=\"async\" src=\"https:\/\/i.ibb.co\/X7QvQtF\/20230809-111619-Rad-u-etvero.jpg\" alt=\"20230809-111619-Rad-u-etvero\" border=\"0\" \/><\/a><br \/>\n<a href=\"https:\/\/ibb.co\/KKhNpDW\"><img decoding=\"async\" src=\"https:\/\/i.ibb.co\/Y0QDFXh\/20230809-162818-HR-i-Zambija.jpg\" alt=\"20230809-162818-HR-i-Zambija\" border=\"0\" \/><\/a><br \/>\n<a href=\"https:\/\/ibb.co\/hc5HmL1\"><img decoding=\"async\" src=\"https:\/\/i.ibb.co\/ZSsKMG1\/20230809-174600-Prijedlozi.jpg\" alt=\"20230809-174600-Prijedlozi\" border=\"0\" \/><\/a><br \/>\n<a href=\"https:\/\/ibb.co\/QXpHKp9\"><img decoding=\"async\" src=\"https:\/\/i.ibb.co\/FnmYDm6\/20230809-190050-Misa-Afrika.jpg\" alt=\"20230809-190050-Misa-Afrika\" border=\"0\" \/><\/a><br \/>\n<a href=\"https:\/\/ibb.co\/x62S2CX\"><img decoding=\"async\" src=\"https:\/\/i.ibb.co\/gJrMrjm\/20230809-183259-Misa-Afrika.jpg\" alt=\"20230809-183259-Misa-Afrika\" border=\"0\" \/><\/a><br \/>\n<a href=\"https:\/\/ibb.co\/TcG3Khz\"><img decoding=\"async\" src=\"https:\/\/i.ibb.co\/ZdrDHTy\/20230809-190056-Misa-Afrika.jpg\" alt=\"20230809-190056-Misa-Afrika\" border=\"0\" \/><\/a><br \/>\n<a href=\"https:\/\/ibb.co\/sqSx94s\"><img decoding=\"async\" src=\"https:\/\/i.ibb.co\/pdDVjT4\/20230809-190104-Misa-Afrika.jpg\" alt=\"20230809-190104-Misa-Afrika\" border=\"0\" \/><\/a><br \/>\n<a href=\"https:\/\/ibb.co\/VLVTGWd\"><img decoding=\"async\" src=\"https:\/\/i.ibb.co\/Fh6z1b9\/20230809-190106-Misa-Afrika.jpg\" alt=\"20230809-190106-Misa-Afrika\" border=\"0\" \/><\/a><br \/>\n<a href=\"https:\/\/ibb.co\/FWFzy95\"><img decoding=\"async\" src=\"https:\/\/i.ibb.co\/vBSkTb3\/20230809-193300-Misa-Afrika.jpg\" alt=\"20230809-193300-Misa-Afrika\" border=\"0\" \/><\/a><br \/>\n<a href=\"https:\/\/ibb.co\/xGLYhvS\"><img decoding=\"async\" src=\"https:\/\/i.ibb.co\/0Z2KqNj\/20230809-193653-Misa-Afrika.jpg\" alt=\"20230809-193653-Misa-Afrika\" border=\"0\" \/><\/a><br \/>\n<a href=\"https:\/\/ibb.co\/0rKgfR4\"><img decoding=\"async\" src=\"https:\/\/i.ibb.co\/Wf0bc48\/20230810-141434-Zastave.jpg\" alt=\"20230810-141434-Zastave\" border=\"0\" \/><\/a><br \/>\n<a href=\"https:\/\/ibb.co\/D5x8WFN\"><img decoding=\"async\" src=\"https:\/\/i.ibb.co\/dGdLMvS\/20230810-170112-Rad-po-skupinama.jpg\" alt=\"20230810-170112-Rad-po-skupinama\" border=\"0\" \/><\/a><br \/>\n<a href=\"https:\/\/ibb.co\/xgyRLJh\"><img decoding=\"async\" src=\"https:\/\/i.ibb.co\/NNXHCZx\/20230810-182205-Zaklju-ci.jpg\" alt=\"20230810-182205-Zaklju-ci\" border=\"0\" \/><\/a><br \/>\n<a href=\"https:\/\/ibb.co\/vB1kZwc\"><img decoding=\"async\" src=\"https:\/\/i.ibb.co\/8BM96Km\/20230810-191359-Prikaz-darova-volontera.jpg\" alt=\"20230810-191359-Prikaz-darova-volontera\" border=\"0\" \/><\/a><br \/>\n<a href=\"https:\/\/ibb.co\/k4whKmB\"><img decoding=\"async\" src=\"https:\/\/i.ibb.co\/PcP5xDj\/20230810-191308-Prikaz-darova-volontera.jpg\" alt=\"20230810-191308-Prikaz-darova-volontera\" border=\"0\" \/><\/a><br \/>\n<a href=\"https:\/\/ibb.co\/C18ngqf\"><img decoding=\"async\" src=\"https:\/\/i.ibb.co\/xCLMWyN\/20230810-223718-Katedrala.jpg\" alt=\"20230810-223718-Katedrala\" border=\"0\" \/><\/a><br \/>\n<a href=\"https:\/\/ibb.co\/gSy947Z\"><img decoding=\"async\" src=\"https:\/\/i.ibb.co\/8rMsYBg\/20230810-224331-Katedrala.jpg\" alt=\"20230810-224331-Katedrala\" border=\"0\" \/><\/a><br \/>\n<a href=\"https:\/\/ibb.co\/rfT4FgM\"><img decoding=\"async\" src=\"https:\/\/i.ibb.co\/Hp1nB0Y\/20230810-224519-Katedrala.jpg\" alt=\"20230810-224519-Katedrala\" border=\"0\" \/><\/a><br \/>\n<a href=\"https:\/\/ibb.co\/KsHDRPy\"><img decoding=\"async\" src=\"https:\/\/i.ibb.co\/ZgCStjT\/20230811-124413-Poticaj.jpg\" alt=\"20230811-124413-Poticaj\" border=\"0\" \/><\/a><br \/>\n<a href=\"https:\/\/ibb.co\/MM8PYpG\"><img decoding=\"async\" src=\"https:\/\/i.ibb.co\/wMJp9Cw\/20230811-184700-Sv-Misa-Azija-i-Australija.jpg\" alt=\"20230811-184700-Sv-Misa-Azija-i-Australija\" border=\"0\" \/><\/a><br \/>\n<a href=\"https:\/\/ibb.co\/SKNKg8H\"><img decoding=\"async\" src=\"https:\/\/i.ibb.co\/zSsSgYC\/20230811-212835-Letak-Korea.jpg\" alt=\"20230811-212835-Letak-Korea\" border=\"0\" \/><\/a><br \/>\n<a href=\"https:\/\/ibb.co\/5hHmkrL\"><img decoding=\"async\" src=\"https:\/\/i.ibb.co\/d4YFtPD\/20230811-212847-Letak-Ruanda.jpg\" alt=\"20230811-212847-Letak-Ruanda\" border=\"0\" \/><\/a><br \/>\n<a href=\"https:\/\/ibb.co\/MNNgqV4\"><img decoding=\"async\" src=\"https:\/\/i.ibb.co\/Thhwz8S\/20230811-212952-Letak-Urugvaj.jpg\" alt=\"20230811-212952-Letak-Urugvaj\" border=\"0\" \/><\/a><br \/>\n<a href=\"https:\/\/ibb.co\/TKFtDkz\"><img decoding=\"async\" src=\"https:\/\/i.ibb.co\/n35jqbh\/20230811-213004-Letak-Libanon.jpg\" alt=\"20230811-213004-Letak-Libanon\" border=\"0\" \/><\/a><br \/>\n<a href=\"https:\/\/ibb.co\/tB36KV0\"><img decoding=\"async\" src=\"https:\/\/i.ibb.co\/hsCN93G\/20230811-213058-Letak-Italija.jpg\" alt=\"20230811-213058-Letak-Italija\" border=\"0\" \/><\/a><br \/>\n<a href=\"https:\/\/ibb.co\/8MYBwsB\"><img decoding=\"async\" src=\"https:\/\/i.ibb.co\/sjWP4RP\/20230811-213121-Letak-Egipat.jpg\" alt=\"20230811-213121-Letak-Egipat\" border=\"0\" \/><\/a><br \/>\n<a href=\"https:\/\/ibb.co\/Yh8Hpbf\"><img decoding=\"async\" src=\"https:\/\/i.ibb.co\/yq5HWVg\/20230811-213153-Letak-Macao.jpg\" alt=\"20230811-213153-Letak-Macao\" border=\"0\" \/><\/a><br \/>\n<a href=\"https:\/\/ibb.co\/2PQFfjx\"><img decoding=\"async\" src=\"https:\/\/i.ibb.co\/7V5S6GP\/20230811-213227-Letak-MAdagaskar.jpg\" alt=\"20230811-213227-Letak-MAdagaskar\" border=\"0\" \/><\/a><br \/>\n<a href=\"https:\/\/ibb.co\/wJRmmpC\"><img decoding=\"async\" src=\"https:\/\/i.ibb.co\/tZ4rrYc\/20230811-213236-Letak-panjolska.jpg\" alt=\"20230811-213236-Letak-panjolska\" border=\"0\" \/><\/a><br \/>\n<a href=\"https:\/\/ibb.co\/V3NjX27\"><img decoding=\"async\" src=\"https:\/\/i.ibb.co\/R7SvLzx\/20230811-213255-Letak-Ju-na-Afrika.jpg\" alt=\"20230811-213255-Letak-Ju-na-Afrika\" border=\"0\" \/><\/a><br \/>\n<a href=\"https:\/\/ibb.co\/pzFq6Q7\"><img decoding=\"async\" src=\"https:\/\/i.ibb.co\/NjBRgrv\/20230811-213306-Letak-Korea.jpg\" alt=\"20230811-213306-Letak-Korea\" border=\"0\" \/><\/a><br \/>\n<a href=\"https:\/\/ibb.co\/DYgQYs2\"><img decoding=\"async\" src=\"https:\/\/i.ibb.co\/Mf57fW0\/20230811-213336-Letak-Botswana.jpg\" alt=\"20230811-213336-Letak-Botswana\" border=\"0\" \/><\/a><br \/>\n<a href=\"https:\/\/ibb.co\/1nkknp2\"><img decoding=\"async\" src=\"https:\/\/i.ibb.co\/FWFFWf7\/20230811-213351-Letak-Kamerun.jpg\" alt=\"20230811-213351-Letak-Kamerun\" border=\"0\" \/><\/a><br \/>\n<a href=\"https:\/\/ibb.co\/phC6WM0\"><img decoding=\"async\" src=\"https:\/\/i.ibb.co\/hYpxX47\/20230811-213407-Letak-Afrika.jpg\" alt=\"20230811-213407-Letak-Afrika\" border=\"0\" \/><\/a><br \/>\n<a href=\"https:\/\/ibb.co\/zSWZ0XK\"><img decoding=\"async\" src=\"https:\/\/i.ibb.co\/Xzftv7m\/20230811-213419-Letak-Afrika.jpg\" alt=\"20230811-213419-Letak-Afrika\" border=\"0\" \/><\/a><br \/>\n<a href=\"https:\/\/ibb.co\/jMFsZXd\"><img decoding=\"async\" src=\"https:\/\/i.ibb.co\/fp7LGwb\/20230811-213447-Letak-Taiwan.jpg\" alt=\"20230811-213447-Letak-Taiwan\" border=\"0\" \/><\/a><br \/>\n<a href=\"https:\/\/ibb.co\/ryZRxnc\"><img decoding=\"async\" src=\"https:\/\/i.ibb.co\/LpCXx4J\/20230811-213458.jpg\" alt=\"20230811-213458\" border=\"0\" \/><\/a><br \/>\n<a href=\"https:\/\/ibb.co\/G0FxjpR\"><img decoding=\"async\" src=\"https:\/\/i.ibb.co\/t43m5KD\/20230811-213513.jpg\" alt=\"20230811-213513\" border=\"0\" \/><\/a><br \/>\n<a href=\"https:\/\/ibb.co\/7QZDN06\"><img decoding=\"async\" src=\"https:\/\/i.ibb.co\/BGQJKYS\/20230811-213525-Letak-El-SAlvador.jpg\" alt=\"20230811-213525-Letak-El-SAlvador\" border=\"0\" \/><\/a><br \/>\n<a href=\"https:\/\/ibb.co\/dBZBwVj\"><img decoding=\"async\" src=\"https:\/\/i.ibb.co\/5TZTgSG\/20230811-213639-Letak-Filipini.jpg\" alt=\"20230811-213639-Letak-Filipini\" border=\"0\" \/><\/a><br \/>\n<a href=\"https:\/\/ibb.co\/yq0zY2v\"><img decoding=\"async\" src=\"https:\/\/i.ibb.co\/0rq0F54\/20230811-213708-Letak-Irska.jpg\" alt=\"20230811-213708-Letak-Irska\" border=\"0\" \/><\/a><br \/>\n<a href=\"https:\/\/ibb.co\/1YcZ3Fx\"><img decoding=\"async\" src=\"https:\/\/i.ibb.co\/zWds1qw\/20230811-213813-Letak-Austrija.jpg\" alt=\"20230811-213813-Letak-Austrija\" border=\"0\" \/><\/a><br \/>\n<a href=\"https:\/\/ibb.co\/YXtcZcS\"><img decoding=\"async\" src=\"https:\/\/i.ibb.co\/nBD7C7y\/20230811-213836-Letak-Malta.jpg\" alt=\"20230811-213836-Letak-Malta\" border=\"0\" \/><\/a><br \/>\n<a href=\"https:\/\/ibb.co\/4MmRsNL\"><img decoding=\"async\" src=\"https:\/\/i.ibb.co\/RPvThHK\/20230811-213820-Letak-Sirija.jpg\" alt=\"20230811-213820-Letak-Sirija\" border=\"0\" \/><\/a><br \/>\n<a href=\"https:\/\/ibb.co\/jZt7Y9x\"><img decoding=\"async\" src=\"https:\/\/i.ibb.co\/84kFwnR\/20230811-220233-Letak-Hrvatska.jpg\" alt=\"20230811-220233-Letak-Hrvatska\" border=\"0\" \/><\/a><br \/>\n<a href=\"https:\/\/ibb.co\/fYBKVVG\"><img decoding=\"async\" src=\"https:\/\/i.ibb.co\/pvGs66r\/20230812-101041-Izbori.jpg\" alt=\"20230812-101041-Izbori\" border=\"0\" \/><\/a><br \/>\n<a href=\"https:\/\/ibb.co\/Bf8JgGb\"><img decoding=\"async\" src=\"https:\/\/i.ibb.co\/WHSXc0Z\/20230812-101121-Izbori-stari-i-novi-predsjednik.jpg\" alt=\"20230812-101121-Izbori-stari-i-novi-predsjednik\" border=\"0\" \/><\/a><br \/>\n<a href=\"https:\/\/ibb.co\/nMty0Ky\"><img decoding=\"async\" src=\"https:\/\/i.ibb.co\/0yvLXzL\/20230812-101151-Molitva-za-predsjednika.jpg\" alt=\"20230812-101151-Molitva-za-predsjednika\" border=\"0\" \/><\/a><br \/>\n<a href=\"https:\/\/ibb.co\/r3nhDqB\"><img decoding=\"async\" src=\"https:\/\/i.ibb.co\/9hR0QBx\/20230812-122815-Novi-Ex-Co.jpg\" alt=\"20230812-122815-Novi-Ex-Co\" border=\"0\" \/><\/a><br \/>\n<a href=\"https:\/\/ibb.co\/d64Ct7y\"><img decoding=\"async\" src=\"https:\/\/i.ibb.co\/Y8BnXbG\/20230812-123527-Novi-Exco.jpg\" alt=\"20230812-123527-Novi-Exco\" border=\"0\" \/><\/a><br \/>\n<a href=\"https:\/\/ibb.co\/PNcNfdH\"><img decoding=\"async\" src=\"https:\/\/i.ibb.co\/SPtP9zC\/20230812-134548-Amiens.jpg\" alt=\"20230812-134548-Amiens\" border=\"0\" \/><\/a><br \/>\n<a href=\"https:\/\/ibb.co\/xg0N8nf\"><img decoding=\"async\" src=\"https:\/\/i.ibb.co\/GMLq3Zt\/20230813-140041-Povratak-ku-i.jpg\" alt=\"20230813-140041-Povratak-ku-i\" border=\"0\" \/><\/a><br \/>\n<a href=\"https:\/\/ibb.co\/Rjj51Ty\"><img decoding=\"async\" src=\"https:\/\/i.ibb.co\/g44nGZV\/A9-grupni-rad.jpg\" alt=\"A9-grupni-rad\" border=\"0\" \/><\/a><br \/>\n<a href=\"https:\/\/ibb.co\/PgRb5rv\"><img decoding=\"async\" src=\"https:\/\/i.ibb.co\/L1MqC0X\/Blagoslov-predsjednika.jpg\" alt=\"Blagoslov-predsjednika\" border=\"0\" \/><\/a><br \/>\n<a href=\"https:\/\/ibb.co\/G0S0C5h\"><img decoding=\"async\" src=\"https:\/\/i.ibb.co\/9N5NyrM\/Kuhari.jpg\" alt=\"Kuhari\" border=\"0\" \/><\/a><br \/>\n<a href=\"https:\/\/ibb.co\/mTGzgGw\"><img decoding=\"async\" src=\"https:\/\/i.ibb.co\/XLbJMbg\/Molitva-za-novi-Exco.jpg\" alt=\"Molitva-za-novi-Exco\" border=\"0\" \/><\/a><br \/>\n<a href=\"https:\/\/ibb.co\/wr27vwB\"><img decoding=\"async\" src=\"https:\/\/i.ibb.co\/84QbhdN\/molitva-za-novo-vodstvo.jpg\" alt=\"molitva-za-novo-vodstvo\" border=\"0\" \/><\/a><br \/>\n<a href=\"https:\/\/ibb.co\/JtkGZxc\"><img decoding=\"async\" src=\"https:\/\/i.ibb.co\/T2h7yKw\/Na-putu-SLO-i-HR-delegacija-1.jpg\" alt=\"Na-putu-SLO-i-HR-delegacija-1\" border=\"0\" \/><\/a><br \/>\n<a href=\"https:\/\/ibb.co\/tccYRX4\"><img decoding=\"async\" src=\"https:\/\/i.ibb.co\/K77VnwX\/Na-putu-SLO-i-HR-delegacija-2.jpg\" alt=\"Na-putu-SLO-i-HR-delegacija-2\" border=\"0\" \/><\/a><br \/>\n<a href=\"https:\/\/ibb.co\/M5V6YtF\"><img decoding=\"async\" src=\"https:\/\/i.ibb.co\/vvPY7T0\/P-Vice-Asistent-propovijed-u-slici.jpg\" alt=\"P-Vice-Asistent-propovijed-u-slici\" border=\"0\" \/><\/a><br \/>\n<a href=\"https:\/\/ibb.co\/WfhM37D\"><img decoding=\"async\" src=\"https:\/\/i.ibb.co\/CQcYt4J\/Stigli-SLO-i-HR-delegacija.jpg\" alt=\"Stigli-SLO-i-HR-delegacija\" border=\"0\" \/><\/a><\/p>\n<div style=\"width: 705px\" class=\"wp-caption alignnone\"><a href=\"https:\/\/ibb.co\/bRN2G3P\"><img loading=\"lazy\" decoding=\"async\" class=\"\" src=\"https:\/\/i.ibb.co\/Dgw8jbt\/p-Arturo-Sossa-govor-CLC-u-2.jpg\" alt=\"p-Arturo-Sossa-govor-CLC-u-2\" width=\"695\" height=\"319\" border=\"0\" \/><\/a><p class=\"wp-caption-text\">Govor generala p. Artura Sosse DI, na svjetskoj skup\u0161tini ZK\u017d-a, Amiens 2023<\/p><\/div>\n<div style=\"width: 705px\" class=\"wp-caption alignnone\"><a href=\"https:\/\/ibb.co\/JkKhDrH\"><img loading=\"lazy\" decoding=\"async\" class=\"\" src=\"https:\/\/i.ibb.co\/12LSFRT\/p-Arturo-Sossa-govor-CLC-u.jpg\" alt=\"p-Arturo-Sossa-govor-CLC-u\" width=\"695\" height=\"521\" border=\"0\" \/><\/a><p class=\"wp-caption-text\">Susret sa generalom p. Arturo Sossa DI, na svjetskoj skup\u0161tini ZK\u017d-a, Amiens 2023<\/p><\/div>\n<h1><\/h1>\n","protected":false},"excerpt":{"rendered":"<p>Od 02.08.2023 do 11.08.2023 odr\u017eana je osamnaesta svjetska skup\u0161tina ZK\u017d-a, u gradu Amiensu, 150 km sjevernije od Pariza u Francuskoj, u velikom isusova\u010dkom \u0161kolskom centru &#8220;Providence&#8221; pod motom &#8220;Razlu\u010diti putove nade&#8220;. Milost za koju smo molili (ali jo\u0161 uvijek molimo u narednih 5 godina, do sljede\u0107e svjetske skup\u0161tine): &#8220;Gospodine, pomozi nam da idemo naprijed, i [&hellip;]<\/p>\n","protected":false},"author":128,"featured_media":949,"parent":0,"menu_order":0,"comment_status":"closed","ping_status":"closed","template":"","meta":{"footnotes":""},"class_list":["post-666","page","type-page","status-publish","has-post-thumbnail","czr-hentry"],"_links":{"self":[{"href":"https:\/\/zkz.hr\/index.php?rest_route=\/wp\/v2\/pages\/666","targetHints":{"allow":["GET"]}}],"collection":[{"href":"https:\/\/zkz.hr\/index.php?rest_route=\/wp\/v2\/pages"}],"about":[{"href":"https:\/\/zkz.hr\/index.php?rest_route=\/wp\/v2\/types\/page"}],"author":[{"embeddable":true,"href":"https:\/\/zkz.hr\/index.php?rest_route=\/wp\/v2\/users\/128"}],"replies":[{"embeddable":true,"href":"https:\/\/zkz.hr\/index.php?rest_route=%2Fwp%2Fv2%2Fcomments&post=666"}],"version-history":[{"count":3,"href":"https:\/\/zkz.hr\/index.php?rest_route=\/wp\/v2\/pages\/666\/revisions"}],"predecessor-version":[{"id":1056,"href":"https:\/\/zkz.hr\/index.php?rest_route=\/wp\/v2\/pages\/666\/revisions\/1056"}],"wp:featuredmedia":[{"embeddable":true,"href":"https:\/\/zkz.hr\/index.php?rest_route=\/wp\/v2\/media\/949"}],"wp:attachment":[{"href":"https:\/\/zkz.hr\/index.php?rest_route=%2Fwp%2Fv2%2Fmedia&parent=666"}],"curies":[{"name":"wp","href":"https:\/\/api.w.org\/{rel}","templated":true}]}}